{"id":397,"date":"2024-01-11T09:40:57","date_gmt":"2024-01-11T09:40:57","guid":{"rendered":"https:\/\/apulmo.com\/a-pulmo\/"},"modified":"2024-04-08T10:25:11","modified_gmt":"2024-04-08T09:25:11","slug":"a-pulmo","status":"publish","type":"page","link":"https:\/\/apulmo.com\/ca\/a-pulmo\/","title":{"rendered":"A pulm\u00f3"},"content":{"rendered":"<p>[et_pb_section fb_built=&#8221;1&#8243; disabled_on=&#8221;on|off|off&#8221; admin_label=&#8221;Header&#8221; _builder_version=&#8221;4.24.2&#8243; _module_preset=&#8221;default&#8221; background_image=&#8221;https:\/\/apulmo.com\/wp-content\/uploads\/2024\/02\/A-Pulmo-Apnea.jpg&#8221; custom_padding=&#8221;17vw||17vw||true|false&#8221; locked=&#8221;off&#8221; collapsed=&#8221;off&#8221; global_colors_info=&#8221;{}&#8221;][et_pb_row column_structure=&#8221;1_2,1_2&#8243; _builder_version=&#8221;4.18.0&#8243; _module_preset=&#8221;default&#8221; width=&#8221;100%&#8221; custom_margin=&#8221;||||false|false&#8221; custom_padding=&#8221;||||false|false&#8221; global_colors_info=&#8221;{}&#8221;][et_pb_column type=&#8221;1_2&#8243; _builder_version=&#8221;4.18.0&#8243; _module_preset=&#8221;default&#8221; global_colors_info=&#8221;{}&#8221;][\/et_pb_column][et_pb_column type=&#8221;1_2&#8243; _builder_version=&#8221;4.18.0&#8243; _module_preset=&#8221;default&#8221; global_colors_info=&#8221;{}&#8221;][et_pb_text _builder_version=&#8221;4.23.4&#8243; _module_preset=&#8221;c16985e1-e0d6-4022-964d-e2bfc04fa633&#8243; text_font=&#8221;Montserrat||||||||&#8221; text_font_size=&#8221;20px&#8221; text_line_height=&#8221;1.2em&#8221; header_font=&#8221;Maven Pro|900|||||||&#8221; header_font_size=&#8221;65px&#8221; header_letter_spacing=&#8221;-3px&#8221; background_layout=&#8221;dark&#8221; custom_margin=&#8221;|40px||40px|false|false&#8221; custom_margin_tablet=&#8221;-40px||||false|false&#8221; custom_margin_phone=&#8221;-100px||||false|false&#8221; custom_margin_last_edited=&#8221;on|phone&#8221; text_font_size_tablet=&#8221;20px&#8221; text_font_size_phone=&#8221;14px&#8221; text_font_size_last_edited=&#8221;on|phone&#8221; header_font_size_tablet=&#8221;40px&#8221; header_font_size_phone=&#8221;24px&#8221; header_font_size_last_edited=&#8221;on|desktop&#8221; global_colors_info=&#8221;{}&#8221;]<\/p>\n<h1 style=\"text-align: right;\">A PULM\u00d3<\/h1>\n<p style=\"text-align: right;\">Som Apnea, som A Pulm\u00f3. El vostre lloc d&#8217;aventures i cursos sota el mar.<\/p>\n<p>[\/et_pb_text][\/et_pb_column][\/et_pb_row][\/et_pb_section][et_pb_section fb_built=&#8221;1&#8243; disabled_on=&#8221;off|on|on&#8221; admin_label=&#8221;Header&#8221; _builder_version=&#8221;4.24.2&#8243; _module_preset=&#8221;default&#8221; background_image=&#8221;https:\/\/apulmo.com\/wp-content\/uploads\/2024\/02\/A-Pulmo-Apnea.jpg&#8221; background_position=&#8221;bottom_center&#8221; custom_padding=&#8221;30vw||30vw||true|false&#8221; locked=&#8221;off&#8221; collapsed=&#8221;off&#8221; global_colors_info=&#8221;{}&#8221;][et_pb_row column_structure=&#8221;1_2,1_2&#8243; _builder_version=&#8221;4.18.0&#8243; _module_preset=&#8221;default&#8221; width=&#8221;100%&#8221; custom_margin=&#8221;||||false|false&#8221; custom_padding=&#8221;||||false|false&#8221; global_colors_info=&#8221;{}&#8221;][et_pb_column type=&#8221;1_2&#8243; _builder_version=&#8221;4.18.0&#8243; _module_preset=&#8221;default&#8221; global_colors_info=&#8221;{}&#8221;][\/et_pb_column][et_pb_column type=&#8221;1_2&#8243; _builder_version=&#8221;4.18.0&#8243; _module_preset=&#8221;default&#8221; global_colors_info=&#8221;{}&#8221;][et_pb_text _builder_version=&#8221;4.23.4&#8243; _module_preset=&#8221;c16985e1-e0d6-4022-964d-e2bfc04fa633&#8243; text_font=&#8221;Montserrat||||||||&#8221; text_font_size=&#8221;20px&#8221; text_line_height=&#8221;1.2em&#8221; header_font=&#8221;Maven Pro|900|||||||&#8221; header_font_size=&#8221;65px&#8221; header_letter_spacing=&#8221;-3px&#8221; background_layout=&#8221;dark&#8221; custom_margin=&#8221;|40px||40px|false|false&#8221; custom_margin_tablet=&#8221;-40px||||false|false&#8221; custom_margin_phone=&#8221;-100px||||false|false&#8221; custom_margin_last_edited=&#8221;on|phone&#8221; text_font_size_tablet=&#8221;20px&#8221; text_font_size_phone=&#8221;14px&#8221; text_font_size_last_edited=&#8221;on|phone&#8221; header_font_size_tablet=&#8221;40px&#8221; header_font_size_phone=&#8221;24px&#8221; header_font_size_last_edited=&#8221;on|desktop&#8221; global_colors_info=&#8221;{}&#8221;]<\/p>\n<h1 style=\"text-align: right;\">A PULM\u00d3<\/h1>\n<p style=\"text-align: right;\">Somos Apnea, somos A Pulm\u00f3. Tu sitio de aventuras y cursos bajo el mar.<\/p>\n<p>[\/et_pb_text][\/et_pb_column][\/et_pb_row][\/et_pb_section][et_pb_section fb_built=&#8221;1&#8243; _builder_version=&#8221;4.23.4&#8243; _module_preset=&#8221;default&#8221; custom_margin=&#8221;0px|0px|0px|0px|false|false&#8221; custom_padding=&#8221;0px|0px|0px|0px|false|false&#8221; global_colors_info=&#8221;{}&#8221;][et_pb_row _builder_version=&#8221;4.24.1&#8243; _module_preset=&#8221;default&#8221; custom_padding=&#8221;||120px||false|false&#8221; global_colors_info=&#8221;{}&#8221;][et_pb_column type=&#8221;4_4&#8243; _builder_version=&#8221;4.23.4&#8243; _module_preset=&#8221;default&#8221; global_colors_info=&#8221;{}&#8221;][et_pb_text _builder_version=&#8221;4.24.1&#8243; _module_preset=&#8221;default&#8221; text_line_height=&#8221;2em&#8221; header_font=&#8221;Montserrat|700|||||||&#8221; header_text_color=&#8221;#E09900&#8243; header_font_size=&#8221;23px&#8221; header_letter_spacing=&#8221;4px&#8221; header_line_height=&#8221;0em&#8221; header_2_font=&#8221;Maven Pro|900|||||||&#8221; header_2_font_size=&#8221;60px&#8221; header_2_letter_spacing=&#8221;-2px&#8221; header_3_font=&#8221;Maven Pro||||||||&#8221; custom_margin=&#8221;60px||||false|false&#8221; header_font_size_tablet=&#8221;22px&#8221; header_font_size_phone=&#8221;16px&#8221; header_font_size_last_edited=&#8221;on|tablet&#8221; header_2_font_size_tablet=&#8221;60px&#8221; header_2_font_size_phone=&#8221;40px&#8221; header_2_font_size_last_edited=&#8221;on|phone&#8221; global_colors_info=&#8221;{}&#8221;]<\/p>\n<h2 style=\"text-align: center;\">SOM A PULM\u00d3<\/h2>\n<h1 style=\"text-align: center;\">APNEA A MALLORCA<\/h1>\n<p>&nbsp;<\/p>\n<p style=\"text-align: center;\">A Pulm\u00f3 \u00e9s un centre d&#8217;activitats subaqu\u00e0tiques a pulm\u00f3, enfocat a la realitzaci\u00f3 de cursos d&#8217;apnea i activitats relacionades amb el busseig a pulm\u00f3, com ara excursions en apnea, entrenaments de profunditat, serveis de foto i videografia en apnea, etc.<\/p>\n<p>[\/et_pb_text][\/et_pb_column][\/et_pb_row][et_pb_row column_structure=&#8221;1_2,1_2&#8243; disabled_on=&#8221;on|on|on&#8221; _builder_version=&#8221;4.24.1&#8243; _module_preset=&#8221;default&#8221; custom_padding=&#8221;||100px||false|false&#8221; disabled=&#8221;on&#8221; global_colors_info=&#8221;{}&#8221;][et_pb_column type=&#8221;1_2&#8243; _builder_version=&#8221;4.23.4&#8243; _module_preset=&#8221;default&#8221; global_colors_info=&#8221;{}&#8221;][et_pb_team_member name=&#8221;Luis Fernandez&#8221; position=&#8221;Fundador &#8211; Instructor&#8221; image_url=&#8221;https:\/\/apulmo.com\/wp-content\/uploads\/2024\/01\/Cursos1-1.jpg&#8221; linkedin_url=&#8221;#&#8221; icon_color=&#8221;#000000&#8243; _builder_version=&#8221;4.23.4&#8243; _module_preset=&#8221;default&#8221; header_font=&#8221;|700|||||||&#8221; header_text_align=&#8221;center&#8221; header_text_color=&#8221;#E09900&#8243; header_font_size=&#8221;22px&#8221; body_line_height=&#8221;2em&#8221; text_orientation=&#8221;center&#8221; width=&#8221;100%&#8221; max_width=&#8221;100%&#8221; module_alignment=&#8221;center&#8221; custom_margin=&#8221;|40px||40px|false|false&#8221; custom_padding=&#8221;|40px||40px|false|false&#8221; border_radii_image=&#8221;off|180px||180px|&#8221; global_colors_info=&#8221;{}&#8221;]<\/p>\n<p>Your content goes here. Edit or remove this text inline or in the module Content settings. You can also style every aspect of this content in the module Design settings and even apply custom CSS to this text in the module Advanced settings.<\/p>\n<p>[\/et_pb_team_member][\/et_pb_column][et_pb_column type=&#8221;1_2&#8243; _builder_version=&#8221;4.23.4&#8243; _module_preset=&#8221;default&#8221; global_colors_info=&#8221;{}&#8221;][et_pb_team_member name=&#8221;Luis Fernandez&#8221; position=&#8221;Fundador &#8211; Instructor&#8221; image_url=&#8221;https:\/\/apulmo.com\/wp-content\/uploads\/2024\/01\/Cursos1-1.jpg&#8221; linkedin_url=&#8221;#&#8221; icon_color=&#8221;#000000&#8243; _builder_version=&#8221;4.23.4&#8243; _module_preset=&#8221;default&#8221; header_font=&#8221;|700|||||||&#8221; header_text_align=&#8221;center&#8221; header_text_color=&#8221;#E09900&#8243; header_font_size=&#8221;22px&#8221; body_line_height=&#8221;2em&#8221; text_orientation=&#8221;center&#8221; width=&#8221;100%&#8221; max_width=&#8221;100%&#8221; module_alignment=&#8221;center&#8221; custom_margin=&#8221;|40px||40px|false|false&#8221; custom_padding=&#8221;|40px||40px|false|false&#8221; border_radii_image=&#8221;off|180px||180px|&#8221; global_colors_info=&#8221;{}&#8221;]<\/p>\n<p>Your content goes here. Edit or remove this text inline or in the module Content settings. You can also style every aspect of this content in the module Design settings and even apply custom CSS to this text in the module Advanced settings.<\/p>\n<p>[\/et_pb_team_member][\/et_pb_column][\/et_pb_row][\/et_pb_section][et_pb_section fb_built=&#8221;1&#8243; module_id=&#8221;mallorca&#8221; _builder_version=&#8221;4.23.4&#8243; _module_preset=&#8221;default&#8221; background_color=&#8221;#efefef&#8221; global_colors_info=&#8221;{}&#8221;][et_pb_row _builder_version=&#8221;4.23.4&#8243; _module_preset=&#8221;default&#8221; global_colors_info=&#8221;{}&#8221;][et_pb_column type=&#8221;4_4&#8243; _builder_version=&#8221;4.23.4&#8243; _module_preset=&#8221;default&#8221; global_colors_info=&#8221;{}&#8221;][et_pb_text _builder_version=&#8221;4.24.3&#8243; _module_preset=&#8221;default&#8221; text_font=&#8221;Montserrat|700|||||||&#8221; text_text_color=&#8221;#E09900&#8243; text_font_size=&#8221;18px&#8221; text_letter_spacing=&#8221;3px&#8221; text_line_height=&#8221;0.1em&#8221; header_3_font=&#8221;Maven Pro|900|||||||&#8221; header_3_font_size=&#8221;60px&#8221; hover_enabled=&#8221;0&#8243; text_font_size_tablet=&#8221;18px&#8221; text_font_size_phone=&#8221;14px&#8221; text_font_size_last_edited=&#8221;on|tablet&#8221; header_3_font_size_tablet=&#8221;60px&#8221; header_3_font_size_phone=&#8221;40px&#8221; header_3_font_size_last_edited=&#8221;on|phone&#8221; global_colors_info=&#8221;{}&#8221; sticky_enabled=&#8221;0&#8243;]<\/p>\n<h3 style=\"text-align: center;\">MALLORCA<\/h3>\n<p style=\"text-align: center;\">SORMGEIX-TE A LES SEVES AIG\u00dcES<\/p>\n<p>[\/et_pb_text][\/et_pb_column][\/et_pb_row][et_pb_row _builder_version=&#8221;4.23.4&#8243; _module_preset=&#8221;default&#8221; global_colors_info=&#8221;{}&#8221;][et_pb_column type=&#8221;4_4&#8243; _builder_version=&#8221;4.23.4&#8243; _module_preset=&#8221;default&#8221; global_colors_info=&#8221;{}&#8221;][et_pb_text _builder_version=&#8221;4.24.1&#8243; _module_preset=&#8221;default&#8221; text_font_size=&#8221;16px&#8221; text_line_height=&#8221;2em&#8221; text_font_size_tablet=&#8221;16px&#8221; text_font_size_phone=&#8221;14px&#8221; text_font_size_last_edited=&#8221;on|tablet&#8221; global_colors_info=&#8221;{}&#8221;]<\/p>\n<p>Mallorca \u00e9s un lloc perfecte per a la pr\u00e0ctica de l&#8217;apnea, per les aig\u00fces cristal\u00b7lines, el clima assolellat, la temperatura de l&#8217;aigua i la bellesa que la caracteritza amb els diferents tipus de fons segons l&#8217;orientaci\u00f3. Cales precioses d&#8217;aig\u00fces turqueses a la costa est, els penya-segats majestuosos de la serra de Tramuntana, les aig\u00fces tranquil\u00b7les de les diferents badies i no oblidem, les reserves marines i l&#8217;espectacular parc nacional maritimoterrestre de l&#8217;arxip\u00e8lag de Cabrera. Tot plegat fa de Mallorca un lloc \u00fanic per a la pr\u00e0ctica de l&#8217;apnea. A qu\u00e8 esperes per submergir-te al mar amb nosaltres?<\/p>\n<p>[\/et_pb_text][et_pb_image src=&#8221;https:\/\/apulmo.com\/wp-content\/uploads\/2024\/01\/mallorca-714189_1920.jpg&#8221; title_text=&#8221;mallorca-714189_1920&#8243; _builder_version=&#8221;4.24.1&#8243; _module_preset=&#8221;default&#8221; global_colors_info=&#8221;{}&#8221;][\/et_pb_image][\/et_pb_column][\/et_pb_row][et_pb_row column_structure=&#8221;1_3,1_3,1_3&#8243; disabled_on=&#8221;on|on|on&#8221; _builder_version=&#8221;4.24.1&#8243; _module_preset=&#8221;default&#8221; disabled=&#8221;on&#8221; global_colors_info=&#8221;{}&#8221;][et_pb_column type=&#8221;1_3&#8243; _builder_version=&#8221;4.23.4&#8243; _module_preset=&#8221;default&#8221; global_colors_info=&#8221;{}&#8221;][et_pb_image src=&#8221;https:\/\/apulmo.com\/wp-content\/uploads\/2024\/01\/charter-boat-39.jpg&#8221; title_text=&#8221;charter-boat-39&#8243; _builder_version=&#8221;4.23.4&#8243; _module_preset=&#8221;default&#8221; global_colors_info=&#8221;{}&#8221;][\/et_pb_image][et_pb_text _builder_version=&#8221;4.23.4&#8243; _module_preset=&#8221;default&#8221; header_4_font=&#8221;Montserrat|700|||||||&#8221; header_4_text_align=&#8221;center&#8221; text_orientation=&#8221;center&#8221; global_colors_info=&#8221;{}&#8221;]<\/p>\n<h4>LA CUEVA DE HARRY<\/h4>\n<p>Y aqu\u00ed hacemos una peque\u00f1a descripci\u00f3n de lo maravilloso que es ir a bucear en esa cueva. La mejor cueva del mundo por supuesto.<\/p>\n<p>[\/et_pb_text][\/et_pb_column][et_pb_column type=&#8221;1_3&#8243; _builder_version=&#8221;4.23.4&#8243; _module_preset=&#8221;default&#8221; global_colors_info=&#8221;{}&#8221;][et_pb_image src=&#8221;https:\/\/apulmo.com\/wp-content\/uploads\/2024\/01\/charter-boat-39.jpg&#8221; title_text=&#8221;charter-boat-39&#8243; _builder_version=&#8221;4.23.4&#8243; _module_preset=&#8221;default&#8221; global_colors_info=&#8221;{}&#8221;][\/et_pb_image][et_pb_text _builder_version=&#8221;4.23.4&#8243; _module_preset=&#8221;default&#8221; header_4_font=&#8221;Montserrat|700|||||||&#8221; header_4_text_align=&#8221;center&#8221; text_orientation=&#8221;center&#8221; global_colors_info=&#8221;{}&#8221;]<\/p>\n<h4>LA CUEVA DE HARRY<\/h4>\n<p>Y aqu\u00ed hacemos una peque\u00f1a descripci\u00f3n de lo maravilloso que es ir a bucear en esa cueva. La mejor cueva del mundo por supuesto.<\/p>\n<p>[\/et_pb_text][\/et_pb_column][et_pb_column type=&#8221;1_3&#8243; _builder_version=&#8221;4.23.4&#8243; _module_preset=&#8221;default&#8221; global_colors_info=&#8221;{}&#8221;][et_pb_image src=&#8221;https:\/\/apulmo.com\/wp-content\/uploads\/2024\/01\/charter-boat-39.jpg&#8221; title_text=&#8221;charter-boat-39&#8243; _builder_version=&#8221;4.23.4&#8243; _module_preset=&#8221;default&#8221; global_colors_info=&#8221;{}&#8221;][\/et_pb_image][et_pb_text _builder_version=&#8221;4.23.4&#8243; _module_preset=&#8221;default&#8221; header_4_font=&#8221;Montserrat|700|||||||&#8221; header_4_text_align=&#8221;center&#8221; text_orientation=&#8221;center&#8221; global_colors_info=&#8221;{}&#8221;]<\/p>\n<h4>LA CUEVA DE HARRY<\/h4>\n<p>Y aqu\u00ed hacemos una peque\u00f1a descripci\u00f3n de lo maravilloso que es ir a bucear en esa cueva. La mejor cueva del mundo por supuesto.<\/p>\n<p>[\/et_pb_text][\/et_pb_column][\/et_pb_row][et_pb_row disabled_on=&#8221;on|on|on&#8221; _builder_version=&#8221;4.24.1&#8243; _module_preset=&#8221;default&#8221; disabled=&#8221;on&#8221; global_colors_info=&#8221;{}&#8221;][et_pb_column type=&#8221;4_4&#8243; _builder_version=&#8221;4.23.4&#8243; _module_preset=&#8221;default&#8221; global_colors_info=&#8221;{}&#8221;][et_pb_button button_text=&#8221;VULL CON\u00c8IXER MALLORCA A FONS!&#8221; button_alignment=&#8221;center&#8221; _builder_version=&#8221;4.24.3&#8243; _module_preset=&#8221;default&#8221; custom_button=&#8221;on&#8221; button_text_color=&#8221;#000000&#8243; button_bg_color=&#8221;#E09900&#8243; hover_enabled=&#8221;0&#8243; global_colors_info=&#8221;{}&#8221; sticky_enabled=&#8221;0&#8243;][\/et_pb_button][\/et_pb_column][\/et_pb_row][\/et_pb_section]<\/p>\n","protected":false},"excerpt":{"rendered":"<p>A PULM\u00d3 Som Apnea, som A Pulm\u00f3. El vostre lloc d&#8217;aventures i cursos sota el mar.A PULM\u00d3 Somos Apnea, somos A Pulm\u00f3. Tu sitio de aventuras y cursos bajo el mar.SOM A PULM\u00d3 APNEA A MALLORCA &nbsp; A Pulm\u00f3 \u00e9s un centre d&#8217;activitats subaqu\u00e0tiques a pulm\u00f3, enfocat a la realitzaci\u00f3 de cursos d&#8217;apnea i activitats [&hellip;]<\/p>\n","protected":false},"author":1,"featured_media":0,"parent":0,"menu_order":0,"comment_status":"closed","ping_status":"closed","template":"","meta":{"_et_pb_use_builder":"on","_et_pb_old_content":"","_et_gb_content_width":"","_monsterinsights_skip_tracking":false,"_monsterinsights_sitenote_active":false,"_monsterinsights_sitenote_note":"","_monsterinsights_sitenote_category":0,"_joinchat":[],"footnotes":""},"class_list":["post-397","page","type-page","status-publish","hentry"],"aioseo_notices":[],"_links":{"self":[{"href":"https:\/\/apulmo.com\/ca\/wp-json\/wp\/v2\/pages\/397","targetHints":{"allow":["GET"]}}],"collection":[{"href":"https:\/\/apulmo.com\/ca\/wp-json\/wp\/v2\/pages"}],"about":[{"href":"https:\/\/apulmo.com\/ca\/wp-json\/wp\/v2\/types\/page"}],"author":[{"embeddable":true,"href":"https:\/\/apulmo.com\/ca\/wp-json\/wp\/v2\/users\/1"}],"replies":[{"embeddable":true,"href":"https:\/\/apulmo.com\/ca\/wp-json\/wp\/v2\/comments?post=397"}],"version-history":[{"count":2,"href":"https:\/\/apulmo.com\/ca\/wp-json\/wp\/v2\/pages\/397\/revisions"}],"predecessor-version":[{"id":406,"href":"https:\/\/apulmo.com\/ca\/wp-json\/wp\/v2\/pages\/397\/revisions\/406"}],"wp:attachment":[{"href":"https:\/\/apulmo.com\/ca\/wp-json\/wp\/v2\/media?parent=397"}],"curies":[{"name":"wp","href":"https:\/\/api.w.org\/{rel}","templated":true}]}}